{"id":194,"date":"2021-11-03T11:00:55","date_gmt":"2021-11-03T10:00:55","guid":{"rendered":"https:\/\/app.ecomuseovajont.net\/?page_id=194"},"modified":"2024-12-23T10:07:16","modified_gmt":"2024-12-23T09:07:16","slug":"info","status":"publish","type":"page","link":"https:\/\/app.ecomuseovajont.net\/en\/info\/","title":{"rendered":"Informazioni"},"content":{"rendered":"<div data-elementor-type=\"wp-page\" data-elementor-id=\"194\" class=\"elementor elementor-194\">\n\t\t\t\t\t\t<section class=\"elementor-section elementor-top-section elementor-element elementor-element-a13d8c2 elementor-section-height-min-height elementor-section-full_width elementor-section-height-default elementor-section-items-middle\" data-id=\"a13d8c2\" data-element_type=\"section\" data-e-type=\"section\" data-settings=\"{&quot;background_background&quot;:&quot;classic&quot;}\">\n\t\t\t\t\t\t<div class=\"elementor-container elementor-column-gap-no\">\n\t\t\t\t\t<div class=\"elementor-column elementor-col-50 elementor-top-column elementor-element elementor-element-ca1025a\" data-id=\"ca1025a\" data-element_type=\"column\" data-e-type=\"column\">\n\t\t\t<div class=\"elementor-widget-wrap elementor-element-populated\">\n\t\t\t\t\t\t<div class=\"elementor-element elementor-element-33c957d elementor-view-default elementor-widget elementor-widget-icon\" data-id=\"33c957d\" data-element_type=\"widget\" data-e-type=\"widget\" data-widget_type=\"icon.default\">\n\t\t\t\t<div class=\"elementor-widget-container\">\n\t\t\t\t\t\t\t<div class=\"elementor-icon-wrapper\">\n\t\t\t<a class=\"elementor-icon\" href=\"https:\/\/app.ecomuseovajont.net\/en\/benvenuti\/\">\n\t\t\t<i aria-hidden=\"true\" class=\"fas fa-arrow-left\"><\/i>\t\t\t<\/a>\n\t\t<\/div>\n\t\t\t\t\t\t<\/div>\n\t\t\t\t<\/div>\n\t\t\t\t\t<\/div>\n\t\t<\/div>\n\t\t\t\t<div class=\"elementor-column elementor-col-50 elementor-top-column elementor-element elementor-element-d7d8398\" data-id=\"d7d8398\" data-element_type=\"column\" data-e-type=\"column\">\n\t\t\t<div class=\"elementor-widget-wrap\">\n\t\t\t\t\t\t\t<\/div>\n\t\t<\/div>\n\t\t\t\t\t<\/div>\n\t\t<\/section>\n\t\t\t\t<section class=\"elementor-section elementor-top-section elementor-element elementor-element-590b3c66 elementor-section-full_width elementor-section-height-min-height elementor-section-height-default elementor-section-items-middle\" data-id=\"590b3c66\" data-element_type=\"section\" data-e-type=\"section\" data-settings=\"{&quot;background_background&quot;:&quot;classic&quot;}\">\n\t\t\t\t\t\t<div class=\"elementor-container elementor-column-gap-no\">\n\t\t\t\t\t<div class=\"elementor-column elementor-col-100 elementor-top-column elementor-element elementor-element-597ca038\" data-id=\"597ca038\" data-element_type=\"column\" data-e-type=\"column\">\n\t\t\t<div class=\"elementor-widget-wrap elementor-element-populated\">\n\t\t\t\t\t\t<div class=\"elementor-element elementor-element-8ca7717 elementor-widget elementor-widget-heading\" data-id=\"8ca7717\" data-element_type=\"widget\" data-e-type=\"widget\" data-widget_type=\"heading.default\">\n\t\t\t\t<div class=\"elementor-widget-container\">\n\t\t\t\t\t<h2 class=\"elementor-heading-title elementor-size-default\">Ti rivedr\u00f2 con gli occhi della memoria<\/h2>\t\t\t\t<\/div>\n\t\t\t\t<\/div>\n\t\t\t\t<div class=\"elementor-element elementor-element-dccadce elementor-widget elementor-widget-text-editor\" data-id=\"dccadce\" data-element_type=\"widget\" data-e-type=\"widget\" data-widget_type=\"text-editor.default\">\n\t\t\t\t<div class=\"elementor-widget-container\">\n\t\t\t\t\t\t\t\t\t<p>Il paese di Erto e Casso \u00e8 stato colpito dalla catastrofe del Vajont che ha sconvolto il paesaggio, ha distrutto le borgate e le infrastrutture, provocando, sul territorio, 220 vittime. Nonostante siano trascorsi molti anni sono ancora evidenti i segni lasciati dall\u2019onda, in particolare i sedimi, testimoni delle case distrutte.<\/p><p>Il progetto \u201cTi rivedr\u00f2 con gli occhi della memoria\u201d nasce dalla volont\u00e0 di perpetuare la memoria e conservare questo patrimonio storico.<\/p><p>Questa APP ti accompagner\u00e0 a vivere quattro itinerari che si snodano nei luoghi di memoria collettiva pi\u00f9 significativi della catastrofe: una guida audio unita a foto storiche ti permetteranno di immergerti nella sacralit\u00e0 di questo luogo.<\/p><p><strong>ATTENZIONE:<\/strong> Si consiglia di percorrere gli itinerari con un equipaggiamento adeguato (calzature e abbigliamento da trekking).\u00a0<\/p><p>Nella tasca sottostante la panchina puoi lasciare un tuo pensiero nel &#8220;Libro di Memoria&#8221;.<\/p>\t\t\t\t\t\t\t\t<\/div>\n\t\t\t\t<\/div>\n\t\t\t\t<section class=\"elementor-section elementor-inner-section elementor-element elementor-element-e541a4d elementor-section-full_width elementor-section-height-default elementor-section-height-default\" data-id=\"e541a4d\" data-element_type=\"section\" data-e-type=\"section\">\n\t\t\t\t\t\t<div class=\"elementor-container elementor-column-gap-default\">\n\t\t\t\t\t<div class=\"elementor-column elementor-col-20 elementor-inner-column elementor-element elementor-element-720d49c\" data-id=\"720d49c\" data-element_type=\"column\" data-e-type=\"column\">\n\t\t\t<div class=\"elementor-widget-wrap elementor-element-populated\">\n\t\t\t\t\t\t<div class=\"elementor-element elementor-element-04aabb3 elementor-widget elementor-widget-image\" data-id=\"04aabb3\" data-element_type=\"widget\" data-e-type=\"widget\" data-widget_type=\"image.default\">\n\t\t\t\t<div class=\"elementor-widget-container\">\n\t\t\t\t\t\t\t\t\t\t\t\t\t\t\t\t<a href=\"https:\/\/www.regione.fvg.it\/rafvg\/cms\/RAFVG\/\">\n\t\t\t\t\t\t\t<img decoding=\"async\" src=\"https:\/\/app.ecomuseovajont.net\/wp-content\/uploads\/2022\/02\/logo_FRIULI-1.png\" title=\"logo_FRIULI\" alt=\"logo_FRIULI\" loading=\"lazy\" \/>\t\t\t\t\t\t\t\t<\/a>\n\t\t\t\t\t\t\t\t\t\t\t\t\t\t\t<\/div>\n\t\t\t\t<\/div>\n\t\t\t\t\t<\/div>\n\t\t<\/div>\n\t\t\t\t<div class=\"elementor-column elementor-col-20 elementor-inner-column elementor-element elementor-element-37e5c65\" data-id=\"37e5c65\" data-element_type=\"column\" data-e-type=\"column\">\n\t\t\t<div class=\"elementor-widget-wrap elementor-element-populated\">\n\t\t\t\t\t\t<div class=\"elementor-element elementor-element-3b851fb elementor-widget elementor-widget-image\" data-id=\"3b851fb\" data-element_type=\"widget\" data-e-type=\"widget\" data-widget_type=\"image.default\">\n\t\t\t\t<div class=\"elementor-widget-container\">\n\t\t\t\t\t\t\t\t\t\t\t\t\t\t\t<img decoding=\"async\" width=\"150\" height=\"145\" src=\"https:\/\/app.ecomuseovajont.net\/wp-content\/uploads\/2024\/12\/Logo-bassa-risoluzione.png\" class=\"attachment-full size-full wp-image-2202\" alt=\"\" srcset=\"https:\/\/app.ecomuseovajont.net\/wp-content\/uploads\/2024\/12\/Logo-bassa-risoluzione.png 150w, https:\/\/app.ecomuseovajont.net\/wp-content\/uploads\/2024\/12\/Logo-bassa-risoluzione-12x12.png 12w\" sizes=\"(max-width: 150px) 100vw, 150px\" \/>\t\t\t\t\t\t\t\t\t\t\t\t\t\t\t<\/div>\n\t\t\t\t<\/div>\n\t\t\t\t\t<\/div>\n\t\t<\/div>\n\t\t\t\t<div class=\"elementor-column elementor-col-20 elementor-inner-column elementor-element elementor-element-95144d5\" data-id=\"95144d5\" data-element_type=\"column\" data-e-type=\"column\">\n\t\t\t<div class=\"elementor-widget-wrap elementor-element-populated\">\n\t\t\t\t\t\t<div class=\"elementor-element elementor-element-ab43503 elementor-widget elementor-widget-image\" data-id=\"ab43503\" data-element_type=\"widget\" data-e-type=\"widget\" data-widget_type=\"image.default\">\n\t\t\t\t<div class=\"elementor-widget-container\">\n\t\t\t\t\t\t\t\t\t\t\t\t\t\t\t\t<a href=\"https:\/\/www.parcodolomitifriulane.it\/\">\n\t\t\t\t\t\t\t<img decoding=\"async\" src=\"https:\/\/app.ecomuseovajont.net\/wp-content\/uploads\/2022\/02\/logo-PNDF.png\" title=\"logo-PNDF\" alt=\"logo-PNDF\" loading=\"lazy\" \/>\t\t\t\t\t\t\t\t<\/a>\n\t\t\t\t\t\t\t\t\t\t\t\t\t\t\t<\/div>\n\t\t\t\t<\/div>\n\t\t\t\t\t<\/div>\n\t\t<\/div>\n\t\t\t\t<div class=\"elementor-column elementor-col-20 elementor-inner-column elementor-element elementor-element-8fdd141\" data-id=\"8fdd141\" data-element_type=\"column\" data-e-type=\"column\">\n\t\t\t<div class=\"elementor-widget-wrap elementor-element-populated\">\n\t\t\t\t\t\t<div class=\"elementor-element elementor-element-2abec3c elementor-widget elementor-widget-image\" data-id=\"2abec3c\" data-element_type=\"widget\" data-e-type=\"widget\" data-widget_type=\"image.default\">\n\t\t\t\t<div class=\"elementor-widget-container\">\n\t\t\t\t\t\t\t\t\t\t\t\t\t\t\t\t<a href=\"http:\/\/www.comune.ertoecasso.pn.it\/\">\n\t\t\t\t\t\t\t<img decoding=\"async\" src=\"https:\/\/app.ecomuseovajont.net\/wp-content\/uploads\/2022\/02\/Stemma-comunale_ERTO-CASSO.png\" title=\"Stemma-comunale_ERTO-CASSO\" alt=\"Stemma-comunale_ERTO-CASSO\" loading=\"lazy\" \/>\t\t\t\t\t\t\t\t<\/a>\n\t\t\t\t\t\t\t\t\t\t\t\t\t\t\t<\/div>\n\t\t\t\t<\/div>\n\t\t\t\t\t<\/div>\n\t\t<\/div>\n\t\t\t\t<div class=\"elementor-column elementor-col-20 elementor-inner-column elementor-element elementor-element-1be0c91\" data-id=\"1be0c91\" data-element_type=\"column\" data-e-type=\"column\">\n\t\t\t<div class=\"elementor-widget-wrap elementor-element-populated\">\n\t\t\t\t\t\t<div class=\"elementor-element elementor-element-21b2f1b elementor-widget elementor-widget-image\" data-id=\"21b2f1b\" data-element_type=\"widget\" data-e-type=\"widget\" data-widget_type=\"image.default\">\n\t\t\t\t<div class=\"elementor-widget-container\">\n\t\t\t\t\t\t\t\t\t\t\t\t\t\t\t<img decoding=\"async\" src=\"https:\/\/app.ecomuseovajont.net\/wp-content\/uploads\/2022\/02\/logo-ass-vajont.png\" title=\"logo-ass-vajont\" alt=\"logo-ass-vajont\" loading=\"lazy\" \/>\t\t\t\t\t\t\t\t\t\t\t\t\t\t\t<\/div>\n\t\t\t\t<\/div>\n\t\t\t\t\t<\/div>\n\t\t<\/div>\n\t\t\t\t\t<\/div>\n\t\t<\/section>\n\t\t\t\t<div class=\"elementor-element elementor-element-07e8b91 elementor-widget elementor-widget-text-editor\" data-id=\"07e8b91\" data-element_type=\"widget\" data-e-type=\"widget\" data-widget_type=\"text-editor.default\">\n\t\t\t\t<div class=\"elementor-widget-container\">\n\t\t\t\t\t\t\t\t\t<p class=\"p1\"><span class=\"s1\">\u201cTI RIVEDRO\u2019 CON GLI OCCHI DELLA MEMORIA\u201d: la App\n<\/br><\/span><\/p>\n<p class=\"p1\"><span class=\"s1\">9 OTTOBRE 1963 \u2013 Itinerario sui luoghi distrutti nel disastro del Vajont finanziato con Legge Regionale FVG 8 luglio 2019, n.10 \u201cIstituzione della giornata in ricordo della tragedia del Vajont e del riconoscimento Memoria del Vajont\u201d.<\/span><\/p>\t\t\t\t\t\t\t\t<\/div>\n\t\t\t\t<\/div>\n\t\t\t\t\t<\/div>\n\t\t<\/div>\n\t\t\t\t\t<\/div>\n\t\t<\/section>\n\t\t\t\t<section class=\"elementor-section elementor-top-section elementor-element elementor-element-7243741 elementor-section-height-min-height elementor-section-full_width elementor-section-height-default elementor-section-items-middle\" data-id=\"7243741\" data-element_type=\"section\" data-e-type=\"section\" data-settings=\"{&quot;background_background&quot;:&quot;classic&quot;}\">\n\t\t\t\t\t\t<div class=\"elementor-container elementor-column-gap-no\">\n\t\t\t\t\t<div class=\"elementor-column elementor-col-50 elementor-top-column elementor-element elementor-element-cf75871\" data-id=\"cf75871\" data-element_type=\"column\" data-e-type=\"column\">\n\t\t\t<div class=\"elementor-widget-wrap elementor-element-populated\">\n\t\t\t\t\t\t<div class=\"elementor-element elementor-element-96e4525 elementor-view-default elementor-widget elementor-widget-icon\" data-id=\"96e4525\" data-element_type=\"widget\" data-e-type=\"widget\" data-widget_type=\"icon.default\">\n\t\t\t\t<div class=\"elementor-widget-container\">\n\t\t\t\t\t\t\t<div class=\"elementor-icon-wrapper\">\n\t\t\t<a class=\"elementor-icon\" href=\"https:\/\/app.ecomuseovajont.net\/en\/benvenuti\/\">\n\t\t\t<i aria-hidden=\"true\" class=\"fas fa-arrow-left\"><\/i>\t\t\t<\/a>\n\t\t<\/div>\n\t\t\t\t\t\t<\/div>\n\t\t\t\t<\/div>\n\t\t\t\t\t<\/div>\n\t\t<\/div>\n\t\t\t\t<div class=\"elementor-column elementor-col-50 elementor-top-column elementor-element elementor-element-9ce27b8\" data-id=\"9ce27b8\" data-element_type=\"column\" data-e-type=\"column\">\n\t\t\t<div class=\"elementor-widget-wrap\">\n\t\t\t\t\t\t\t<\/div>\n\t\t<\/div>\n\t\t\t\t\t<\/div>\n\t\t<\/section>\n\t\t\t\t<\/div>","protected":false},"excerpt":{"rendered":"<p>Ti rivedr\u00f2 con gli occhi della memoria Il paese di Erto e Casso \u00e8 stato colpito dalla catastrofe del Vajont che ha sconvolto il paesaggio, ha distrutto le borgate e le infrastrutture, provocando, sul territorio, 220 vittime. Nonostante siano trascorsi molti anni sono ancora evidenti i segni lasciati dall\u2019onda, in particolare i sedimi, testimoni delle &#8230; <a title=\"Informazioni\" class=\"read-more\" href=\"https:\/\/app.ecomuseovajont.net\/en\/info\/\" aria-label=\"Read more about Informazioni\">Read more<\/a><\/p>","protected":false},"author":1,"featured_media":0,"parent":0,"menu_order":0,"comment_status":"closed","ping_status":"closed","template":"elementor_canvas","meta":{"footnotes":""},"class_list":["post-194","page","type-page","status-publish"],"_links":{"self":[{"href":"https:\/\/app.ecomuseovajont.net\/en\/wp-json\/wp\/v2\/pages\/194","targetHints":{"allow":["GET"]}}],"collection":[{"href":"https:\/\/app.ecomuseovajont.net\/en\/wp-json\/wp\/v2\/pages"}],"about":[{"href":"https:\/\/app.ecomuseovajont.net\/en\/wp-json\/wp\/v2\/types\/page"}],"author":[{"embeddable":true,"href":"https:\/\/app.ecomuseovajont.net\/en\/wp-json\/wp\/v2\/users\/1"}],"replies":[{"embeddable":true,"href":"https:\/\/app.ecomuseovajont.net\/en\/wp-json\/wp\/v2\/comments?post=194"}],"version-history":[{"count":61,"href":"https:\/\/app.ecomuseovajont.net\/en\/wp-json\/wp\/v2\/pages\/194\/revisions"}],"predecessor-version":[{"id":2211,"href":"https:\/\/app.ecomuseovajont.net\/en\/wp-json\/wp\/v2\/pages\/194\/revisions\/2211"}],"wp:attachment":[{"href":"https:\/\/app.ecomuseovajont.net\/en\/wp-json\/wp\/v2\/media?parent=194"}],"curies":[{"name":"wp","href":"https:\/\/api.w.org\/{rel}","templated":true}]}}